{"id":368,"date":"2017-06-23T17:37:05","date_gmt":"2017-06-23T16:37:05","guid":{"rendered":"http:\/\/www.bububee.cz\/?page_id=368"},"modified":"2017-06-24T12:38:53","modified_gmt":"2017-06-24T11:38:53","slug":"368-2","status":"publish","type":"page","link":"https:\/\/www.bububee.cz\/index.php\/cinnost-spolku\/368-2\/","title":{"rendered":"V\u010dela\u0159i v Nov\u00e9m Stra\u0161ec\u00ed a okol\u00ed"},"content":{"rendered":"<p>&nbsp; &nbsp; &nbsp; &nbsp; &nbsp; &nbsp; &nbsp; Z\u00e1kladn\u00ed organizace \u010cesk\u00e9ho svazu v\u010dela\u0159\u016f v&nbsp;Nov\u00e9m Stra\u0161ec\u00ed je zapsan\u00fd spolek, kter\u00fd na&nbsp;po\u010d\u00e1tku roku 2017 m\u011bl 79 \u0159\u00e1dn\u00fdch \u010dlen\u016f spolku. V\u010dela\u0159i tohoto spolku provozuj\u00ed svoji \u010dinnost na katastr\u00e1ln\u00edm \u00fazem\u00ed jednoho m\u011bsta a osmi vesnic. Jedn\u00e1 se o Nov\u00e9 Stra\u0161ec\u00ed, Kozojedy, Krou\u010dovou, Pochv\u00e1lov, Ruda, Rynholec, \u0158evni\u010dov, Smilovice, T\u0159tice. V&nbsp;kv\u011btnu 2017 se \u010dlenov\u00e9 spolku starali o 513 v\u010delstev.&nbsp; O p\u0159\u00edmou pr\u00e1ci se v\u010dela\u0159i se star\u00e1 dev\u011bt d\u016fv\u011brn\u00edk\u016f, kte\u0159\u00ed se staraj\u00ed a pom\u00e1haj\u00ed v\u010dela\u0159\u016fm ve stanoven\u00e9m regionu, a to p\u0159edev\u0161\u00edm s&nbsp;l\u00e9\u010den\u00edm v\u010delstev a p\u0159en\u00e1\u0161en\u00edm pot\u0159ebn\u00fdch informac\u00ed z&nbsp;jedn\u00e1n\u00ed v\u00fdboru spolku. Spolek \u0159\u00edd\u00ed v\u00fdbor, kter\u00fd m\u00e1 osm \u010dlen\u016f a ten \u0159\u00edd\u00ed pr\u00e1ci cel\u00e9ho spolku. Pr\u00e1ci v\u00fdboru kontroluje kontroln\u00ed komise.<\/p>\n<p>&nbsp;&nbsp;&nbsp;&nbsp;&nbsp;&nbsp;&nbsp;&nbsp;&nbsp;&nbsp;&nbsp;&nbsp; N\u00e1\u0161 spolek m\u00e1 bohatou minulost a tradici. Byl zalo\u017een dne 1.4.1906 v&nbsp;Nov\u00e9m Stra\u0161ec\u00ed. \u010cesk\u00e9 v\u010dela\u0159stv\u00ed s&nbsp;bohatou minulost\u00ed se ve druh\u00e9 polovin\u011b 19. stolet\u00ed za\u010d\u00edn\u00e1 formovat na b\u00e1zi dobrovoln\u00fdch spolk\u016f, jak bylo tehdy obvykl\u00e9. Jeho rozvoj podpo\u0159ily nov\u00e9 technick\u00e9 vyn\u00e1lezy (medomet, mezist\u011bna) i v\u0161eobecn\u00fd z\u00e1jem o n\u00e1rodn\u00ed hospod\u00e1\u0159stv\u00ed, \u00fazce spojen\u00e9 se zem\u011bd\u011blstv\u00edm. Prvn\u00ed v\u010dela\u0159sk\u00e9 sdru\u017een\u00ed v \u010cech\u00e1ch vznik\u00e1 roku 1852 a zakl\u00e1d\u00e1 jej far\u00e1\u0159 Jan Nepomuk Oettl. P\u016fsobilo sice na Kada\u0148sku a \u017datecku, tedy v&nbsp;n\u011bmeck\u00fdch oblastech, ale jeho \u010dleny byli i \u010de\u0161t\u00ed v\u010dela\u0159i. Prvn\u00ed \u010desk\u00fd v\u010dela\u0159sk\u00fd spolek byl zalo\u017een roku 1864 v Chrudimi. N\u00e1sledn\u011b vznikaj\u00ed spolky v&nbsp;dal\u0161\u00edch m\u011bstech a paraleln\u011b k&nbsp;nim i spole\u010dn\u00fd \u00fast\u0159edn\u00ed v\u010dela\u0159sk\u00fd spolek. Ten se za\u010d\u00edn\u00e1 utv\u00e1\u0159et od roku 1871 (ustavuj\u00edc\u00ed sch\u016fze 22. 3. 1872) a nesl n\u00e1zev <em>V\u010dela\u0159sk\u00fd spolek pro \u010cechy.<\/em> Pozd\u011bji splynul s&nbsp;v\u00fdznamn\u011bj\u0161\u00edm <em>Zemsk\u00fdm \u00fast\u0159edn\u00edm spolkem<\/em>, zalo\u017een\u00fdm roku 1874 a n\u00e1sledn\u011b p\u0159ejmenovan\u00fdm na <em>Zemsk\u00fd \u00fast\u0159edn\u00ed spolek v\u010dela\u0159sk\u00fd pro Kr\u00e1lovstv\u00ed \u010desk\u00e9 v&nbsp;Praze.<\/em> Jednotliv\u00e9 v\u010dela\u0159sk\u00e9 spolky v&nbsp;regionech za\u010daly p\u0159ib\u00fdvat.<\/p>\n<p>V&nbsp;na\u0161\u00ed tradi\u010dn\u011b zem\u011bd\u011blsk\u00e9 oblasti vznikaj\u00ed v\u010dela\u0159sk\u00e9 spolky tak\u00e9 velmi pozvolna od druh\u00e9 poloviny 19. stolet\u00ed. P\u0159edt\u00edm se zde objevovaly osv\u00edcen\u00e9 osobnosti, kter\u00e9 se touto problematikou zab\u00fdvaly samostatn\u011b, nap\u0159\u00edklad zakladatel modern\u00edho v\u010dela\u0159stv\u00ed kn\u011bz Josef Anton\u00edn Jani\u0161, jen\u017e p\u016fsobil na p\u0159elomu 18. a 19. stolet\u00ed na fa\u0159e ve Slabc\u00edch. Prvn\u00ed sdru\u017een\u00e9 aktivity v\u010dela\u0159\u016f zaznamen\u00e1me v&nbsp;Kol\u010di u Kladna v&nbsp;letech 1859\u20131866. Organizoval je m\u00edstn\u00ed far\u00e1\u0159 a pozd\u011bj\u0161\u00ed zn\u00e1m\u00fd kladensk\u00fd duchovn\u00ed a region\u00e1ln\u00ed historik Josef Mottl. V&nbsp;Kol\u010di vznikla i v\u00fdrobna \u00fal\u016f a v\u010dela\u0159sk\u00fdch pot\u0159eb a odtud tak\u00e9 vze\u0161la iniciativa zalo\u017eit prvn\u00ed v\u010dela\u0159sk\u00fd spolek v&nbsp;regionu, a to ve Slan\u00e9m roku 1880 <em>(V\u010dela\u0159sk\u00fd spolek pro okres sl\u00e1nsk\u00fd).<\/em> Je z\u0159ejm\u00e9, \u017ee jeho vznik m\u011bl dopady i na Novostra\u0161ecko, av\u0161ak je\u0161t\u011b s&nbsp;p\u0159\u00edchodem 20. stolet\u00ed fungoval v\u010dela\u0159sk\u00fd spolek na Sl\u00e1nsku st\u00e1le pouze v&nbsp;okresn\u00edm m\u011bst\u011b, na Rakovnicku jen v&nbsp;Nesuchyni a v&nbsp;Pavl\u00edkov\u011b. V&nbsp;roce 1890 byl zalo\u017een hospod\u00e1\u0159sko-v\u010dela\u0159sk\u00fd spolek v&nbsp;tehdy n\u011bmeck\u00fdch Ho\u0159esedl\u00edch. Na Kladensku vznik\u00e1 hned roku 1901 <em>Spolek v\u010dela\u0159sk\u00fd pro okres kladensk\u00fd se s\u00eddlem v&nbsp;Stehel\u010devsi<\/em>. V&nbsp;samotn\u00e9m Rakovn\u00edku vznikl spolek v&nbsp;roce 1905 a sdru\u017eoval v\u010dela\u0159e z&nbsp;tehdej\u0161\u00edho okresu rakovnick\u00e9ho a k\u0159ivokl\u00e1tsk\u00e9ho.&nbsp;&nbsp;<\/p>\n<p>Nen\u00ed tedy divu, \u017ee ve srovn\u00e1n\u00ed s&nbsp;ostatn\u00edmi spolky se i na Novostra\u0161ecku utvo\u0159ilo v\u010dela\u0159sk\u00e9 sdru\u017een\u00ed relativn\u011b pozd\u011bji, a\u017e roku 1906. I tak se jednalo v&nbsp;r\u00e1mci \u0161irok\u00e9ho regionu o pr\u016fkopnickou ud\u00e1lost. Spolek nemohl pracovat jen pro samotn\u00e9 Nov\u00e9 Stra\u0161ec\u00ed, ale sdru\u017eoval v\u010dela\u0159e i z&nbsp;okoln\u00edch obc\u00ed, v&nbsp;podstat\u011b z&nbsp;\u00fazem\u00ed tehdej\u0161\u00edho soudn\u00edho okresu. Proto hned na prvn\u00ed, ustavuj\u00edc\u00ed sch\u016fzi spolku dne <strong>1. dubna 1906 <\/strong>p\u0159ijalo nov\u00e9 sdru\u017een\u00ed n\u00e1zev <em>V\u010dela\u0159sk\u00fd spolek pro Nov\u00e9 Stra\u0161ec\u00ed a okol\u00ed.<\/em> Sch\u016fze se konala v&nbsp;hostinci Okresn\u00ed hospod\u00e1\u0159sk\u00e9 z\u00e1lo\u017eny v&nbsp;Nov\u00e9m Stra\u0161ec\u00ed (\u010dp. 201), tedy v&nbsp;budov\u011b, kter\u00e1 a\u017e do roku 1927 st\u00e1la na m\u00edst\u011b dne\u0161n\u00edho m\u011bstsk\u00e9ho \u00fa\u0159adu. Svolali ji m\u00edstn\u00ed v\u010dela\u0159i Jan Mil\u00e1\u010dek, V\u00e1clav \u010c\u00ed\u017eek a V\u00e1clav \u017d\u00edtek a z\u00fa\u010dastnilo se j\u00ed 24 \u010dlen\u016f. Sch\u016fzi zah\u00e1jil ve t\u0159i hodiny odpoledne zdej\u0161\u00ed far\u00e1\u0159 Franti\u0161ek Svato\u0161, jen\u017e se stal jej\u00edm p\u0159edsedou.<\/p>\n<p>Tak bychom mohli listovat z\u00e1znamy o \u010dinnosti na\u0161eho spolky za v\u0161echny roky a\u017e do dne\u0161n\u00ed doby. V&nbsp;roce 2016 jsme si d\u016fstojn\u011b p\u0159ipomn\u011bli 110. v\u00fdro\u010d\u00ed zalo\u017een\u00ed na\u0161eho spolku, a to v\u00fdstavou v&nbsp;M\u011bstsk\u00e9m muzeu v&nbsp;Nov\u00e9m Stra\u0161ec\u00ed&nbsp; a dal\u0161\u00edmi akcemi ve spolupr\u00e1ci s&nbsp;m\u011bstsk\u00fdm \u00fa\u0159adem. &nbsp;\u010cinnost spolku je v&nbsp;sou\u010dasn\u00e9 dob\u011b bohat\u00e1.&nbsp; Na\u0161\u00edm prioritn\u00edm \u00fakolem je starat se o dobr\u00fd zdravotn\u00ed stav v\u010delstev, kter\u00e1 jsou v&nbsp;sou\u010dasn\u00e9 dob\u011b napad\u00e1na chorobami a \u0161k\u016fdci, ale i ne\u0161etrn\u00fdmi z\u00e1sahy zem\u011bd\u011blc\u016f. Na\u0161e \u010dlensk\u00e1 z\u00e1kladna za posledn\u00ed roky m\u00e1 vzr\u016fstaj\u00edc\u00ed tendenci, ka\u017ed\u00fd rok vstupuj\u00ed do spolku nov\u00ed \u010dlenov\u00e9, a to mlad\u0161\u00edho a st\u0159edn\u00edho &nbsp;v\u011bku. Dne 5.10.2016 jsme zah\u00e1jili \u010dinnost v\u010dela\u0159sk\u00e9ho krou\u017eku ml\u00e1de\u017ee p\u0159i zdej\u0161\u00ed z\u00e1kladn\u00ed \u0161kole v&nbsp;Nov\u00e9m Stra\u0161ec\u00ed. Z\u00e1jem o pr\u00e1ci v&nbsp;krou\u017eku je velk\u00fd, proto m\u011bstsk\u00fd \u00fa\u0159ad n\u00e1m vy\u010dlenil samostatn\u00e9 prostory pro \u010dinnost krou\u017eku. Pr\u00e1ce s&nbsp;d\u011btmi ve v\u010dela\u0159sk\u00e9m krou\u017eku nen\u00ed jenom zam\u011b\u0159ena na v\u010dela\u0159en\u00ed, ale celkov\u011b na ekologickou v\u00fdchovu d\u011bt\u00ed tak, abychom pom\u00e1hali udr\u017eet kr\u00e1snou p\u0159\u00edrodu Novostra\u0161ecka.<\/p>\n<p>O v\u010del\u00e1ch a v\u010dela\u0159en\u00ed se toho d\u00e1 hodn\u011b vypr\u00e1v\u011bt, ale je\u0161t\u011b v\u00edc ne\u017e od v\u010dela\u0159\u016f se toho m\u016f\u017eete dozv\u011bd\u011bt od v\u010del samotn\u00fdch. Chce se to jen vybavit srdnatost\u00ed a srde\u010dnost\u00ed a p\u0159ipustit si my\u0161lenku, \u017ee pr\u00e1v\u011b v\u00e1m mohou v\u010deli\u010dky n\u011bco d\u016fle\u017eit\u00e9ho pov\u011bd\u011bt a d\u00e1t. P\u0159ij\u010fte se pod\u00edvat k&nbsp;n\u011bkomu z&nbsp;n\u00e1s na v\u010delnici nebo do v\u010del\u00edna a ur\u010dit\u011b se zamilujete do t\u011bch mal\u00fdch chlup\u00e1\u010d\u016f.&nbsp; A potom v\u00e1s bude neodkladn\u011b pron\u00e1sledovat my\u0161lenka opat\u0159it si n\u011bkolik \u00fal\u016f, do t\u011bchto \u00fal\u016f usadit v\u010delstva od jin\u00e9ho v\u010dela\u0159e a nakonec p\u0159ijdete na to, \u017ee by bylo dobr\u00e9 d\u00e1t se do na\u0161eho spolku. Na shledanou u n\u00e1s \u2026..<\/p>\n<p>Va\u017eme si v\u010del, jejich pr\u00e1ce a u\u017eitku. Dokud jsou tady s&nbsp;n\u00e1mi, je dob\u0159e. A\u017e nebude v\u010del, bude zle i s&nbsp;lidmi. Proto je chra\u0148me a pom\u00e1hejme jim.<\/p>\n<p style=\"text-align: right;\">&nbsp;&nbsp;&nbsp;&nbsp;&nbsp;&nbsp;&nbsp;&nbsp;&nbsp;&nbsp;&nbsp;&nbsp;&nbsp;&nbsp;&nbsp;&nbsp;&nbsp;&nbsp;&nbsp;&nbsp;&nbsp;&nbsp;&nbsp;&nbsp;&nbsp;&nbsp;&nbsp;&nbsp;&nbsp;&nbsp;&nbsp;&nbsp;&nbsp;&nbsp;&nbsp;&nbsp;&nbsp;&nbsp;&nbsp;&nbsp;&nbsp;&nbsp;&nbsp;&nbsp;&nbsp;&nbsp;&nbsp;&nbsp;&nbsp;&nbsp;&nbsp;&nbsp;&nbsp;&nbsp;&nbsp;&nbsp;&nbsp;&nbsp;&nbsp;&nbsp;&nbsp;&nbsp;&nbsp;&nbsp;&nbsp;&nbsp;&nbsp;&nbsp;&nbsp;&nbsp;&nbsp;&nbsp;&nbsp;&nbsp;&nbsp;&nbsp;&nbsp;&nbsp;&nbsp; Ing. Ji\u0159\u00ed Hubka, p\u0159edseda spolku&nbsp;&nbsp;&nbsp;&nbsp;<\/p>\n","protected":false},"excerpt":{"rendered":"<p>&nbsp; &nbsp; &nbsp; &nbsp; &nbsp; &nbsp; &nbsp; Z\u00e1kladn\u00ed organizace \u010cesk\u00e9ho svazu v\u010dela\u0159\u016f v&nbsp;Nov\u00e9m Stra\u0161ec\u00ed je zapsan\u00fd spolek, kter\u00fd na&nbsp;po\u010d\u00e1tku roku 2017 m\u011bl 79 \u0159\u00e1dn\u00fdch \u010dlen\u016f spolku. V\u010dela\u0159i tohoto spolku provozuj\u00ed svoji \u010dinnost na katastr\u00e1ln\u00edm \u00fazem\u00ed jednoho m\u011bsta a osmi vesnic. Jedn\u00e1 se o Nov\u00e9 Stra\u0161ec\u00ed, Kozojedy, Krou\u010dovou, Pochv\u00e1lov, Ruda, Rynholec, \u0158evni\u010dov, Smilovice, T\u0159tice. V&nbsp;kv\u011btnu 2017 [&hellip;]<\/p>\n","protected":false},"author":1,"featured_media":0,"parent":62,"menu_order":0,"comment_status":"closed","ping_status":"closed","template":"","meta":{"ngg_post_thumbnail":0,"footnotes":""},"_links":{"self":[{"href":"https:\/\/www.bububee.cz\/index.php\/wp-json\/wp\/v2\/pages\/368"}],"collection":[{"href":"https:\/\/www.bububee.cz\/index.php\/wp-json\/wp\/v2\/pages"}],"about":[{"href":"https:\/\/www.bububee.cz\/index.php\/wp-json\/wp\/v2\/types\/page"}],"author":[{"embeddable":true,"href":"https:\/\/www.bububee.cz\/index.php\/wp-json\/wp\/v2\/users\/1"}],"replies":[{"embeddable":true,"href":"https:\/\/www.bububee.cz\/index.php\/wp-json\/wp\/v2\/comments?post=368"}],"version-history":[{"count":6,"href":"https:\/\/www.bububee.cz\/index.php\/wp-json\/wp\/v2\/pages\/368\/revisions"}],"predecessor-version":[{"id":389,"href":"https:\/\/www.bububee.cz\/index.php\/wp-json\/wp\/v2\/pages\/368\/revisions\/389"}],"up":[{"embeddable":true,"href":"https:\/\/www.bububee.cz\/index.php\/wp-json\/wp\/v2\/pages\/62"}],"wp:attachment":[{"href":"https:\/\/www.bububee.cz\/index.php\/wp-json\/wp\/v2\/media?parent=368"}],"curies":[{"name":"wp","href":"https:\/\/api.w.org\/{rel}","templated":true}]}}