{"id":1026,"date":"2018-09-22T16:27:06","date_gmt":"2018-09-22T15:27:06","guid":{"rendered":"http:\/\/www.bububee.cz\/?page_id=1026"},"modified":"2019-03-10T20:55:22","modified_gmt":"2019-03-10T19:55:22","slug":"zapis-ze-schuze-vyboru-5-9-2018","status":"publish","type":"page","link":"https:\/\/www.bububee.cz\/index.php\/cinnost-spolku\/zpravy-ze-schuzi-vyboru\/zapisy-ze-schuzi-vyboru-v-roce-2018\/zapis-ze-schuze-vyboru-5-9-2018\/","title":{"rendered":"Z\u00e1pis ze sch\u016fze v\u00fdboru 5. 9. 2018"},"content":{"rendered":"<h1><strong>Z\u00e1pis&nbsp;<\/strong><strong>ze&nbsp;sch\u016fze v\u00fdboru &nbsp;ZO \u010cSV v&nbsp;Nov\u00e9m Stra\u0161ec\u00ed<\/strong><\/h1>\n<p><strong>M\u00edsto a datum kon\u00e1n\u00ed<\/strong>: 5. z\u00e1\u0159\u00ed 2018 v&nbsp;klubovn\u011b ZO v&nbsp;Nov\u00e9m Stra\u0161ec\u00ed.<\/p>\n<p><strong>P\u0159\u00edtomni<\/strong>: &nbsp;J. Hubka, P. Andr\u00e1\u0161ek, P. Studni\u010dka, D. Muller, M. Hall\u00f3, R. \u0160t\u00fdbrov\u00e1.<\/p>\n<p><strong>Omluveni<\/strong>: J. Petr\u00e1\u010dek.<\/p>\n<p><strong>Host\u00e9:<\/strong> &nbsp;0<\/p>\n<h2><strong>Program:<\/strong><\/h2>\n<ul>\n<li>Kontrola z\u00e1pisu z&nbsp;minul\u00e9 sch\u016fze v\u00fdboru \u2013 p\u0159edseda<\/li>\n<li>Kontrola pln\u011bn\u00ed \u00fakol\u016f z&nbsp;minul\u00e9 sch\u016fze v\u00fdboru &#8211; p\u0159edseda<\/li>\n<li>Stav pln\u011bn\u00ed na\u0159\u00edzen\u00fdch opat\u0159en\u00ed z&nbsp;veterin\u00e1rn\u00edch usnesen\u00ed pro katastry obc\u00ed Ruda, Nov\u00e9 Stra\u0161ec\u00ed a Rynholec, dal\u0161\u00ed postup v&nbsp;tlumen\u00ed MVP \u2013 zdravotn\u00edk<\/li>\n<li>P\u0159\u00edprava pravideln\u00e9 v\u010dela\u0159sk\u00e9 v\u00fdstavy 8. a\u017e 9.2018 (Novostra\u0161eck\u00e9 posv\u00edcen\u00ed), pr\u00e1ce na v\u00fdstav\u011b se zahajuj\u00ed ji\u017e 5.9. v&nbsp; 9 hodin dopoledne. Vzhledem k&nbsp;prob\u00edhaj\u00edc\u00ed instalaci v\u00fdstavy pros\u00edm o \u00fa\u010dast v\u0161echny \u010dleny v\u00fdboru &#8211;&nbsp; p\u0159edseda<\/li>\n<li>Diskuze<\/li>\n<\/ul>\n<h2><strong>Z\u00e1znam z&nbsp; jedn\u00e1n\u00ed sch\u016fze v\u00fdboru dne 7.8.2018.<\/strong><\/h2>\n<ul>\n<li><strong>Kontrola z\u00e1pisu z&nbsp;minul\u00e9ho jedn\u00e1n\u00ed v\u00fdboru ZO dne 3.7.2018. <\/strong><\/li>\n<\/ul>\n<p>P\u0159edseda rozdal z\u00e1pisy z&nbsp;minul\u00e9 sch\u016fze v\u00fdboru. K&nbsp;z\u00e1pisu nebyly p\u0159ipom\u00ednky a z\u00e1pis byl schv\u00e1len v\u0161emi p\u0159\u00edtomn\u00fdmi \u010dleny v\u00fdboru.<\/p>\n<h3><strong>Kontrola pln\u011bn\u00ed \u00fakol\u016f z&nbsp;minul\u00e9 sch\u016fze v\u00fdboru dne 3.7.2018:<\/strong><\/h3>\n<ul>\n<li>Na\u0159\u00edzen\u00ed SVS ukl\u00e1d\u00e1 druh\u00fd odb\u011br vzork\u016f na MVP a odeslat ho k&nbsp;vy\u0161et\u0159en\u00ed do <strong>2.2019<\/strong>. Odesl\u00e1n\u00ed vzork\u016f zajist\u00ed zdravotn\u00edk spolku &#8211; <strong>zdravotn\u00edk.<\/strong><\/li>\n<li>Jednateli se ukl\u00e1d\u00e1 po dne\u0161n\u00ed a minul\u00e9 sch\u016fzi doplnit nov\u00e9 \u010dleny spolku do CIS, po vypln\u011bn\u00ed p\u0159ihl\u00e1\u0161ky. Po zaplacen\u00ed \u010dlensk\u00fdch p\u0159\u00edsp\u011bvk\u016f nov\u00fdmi \u010dleny odv\u00e9st p\u0159\u00edslu\u0161nou finan\u010dn\u00ed \u010d\u00e1stku do Prahy na svaz \u2013 <strong>pr\u016fb\u011b\u017en\u011b jednatel \u2013 p\u0159\u00edsp\u011bvky nezaplaceny do Prahy<\/strong><\/li>\n<li>Zajistit centr\u00e1ln\u00ed odesl\u00e1n\u00ed hl\u00e1\u0161en\u00ed na \u010cMSCH za cel\u00fd spolek do <strong>9.2018<\/strong> (vazba na \u017e\u00e1dosti o dotaci 1.D) <strong>\u2013 jednatel.<\/strong><\/li>\n<li>Na p\u0159\u00ed\u0161t\u00ed sch\u016fzi <strong>9.2018<\/strong> v\u00fdboru p\u0159edlo\u017e\u00ed jednatel program Domedn\u00e9 2018 a r\u00e1mcov\u00fd rozpo\u010det t\u00e9to akce <strong>\u2013 jednatel \u2013 odlo\u017eeno na p\u0159\u00ed\u0161t\u00ed sch\u016fzi.<\/strong><\/li>\n<li>Do <strong>10.2018<\/strong> podat hromadnou \u017e\u00e1dost o dotaci na vzorky na MVP za obce Ruda, Nov\u00e9 Stra\u0161ec\u00ed a Rynholec \u2013 <strong>d\u016fv\u011brn\u00edci J. Hubka D. Muller.<\/strong><\/li>\n<li>Zajistit optim\u00e1ln\u00ed organizaci vzork\u016f na MVP v&nbsp;\u00fanoru 2019 \u2013<strong> zdravotn\u00edk.<\/strong><\/li>\n<li>D\u016fv\u011brn\u00edci za obce NS a RY vyberou poplatek za vy\u0161et\u0159en\u00ed 450,- K\u010d <strong>do 14 dn\u016f<\/strong> po zaplacen\u00ed faktury V\u00daV\u010d \u2013 <strong> Muller, M. Han\u010d\u00e1k, J. Dvo\u0159\u00e1k.<\/strong><\/li>\n<li>Ozn\u00e1mit na SVS do <strong>9.2018<\/strong> negativn\u00ed p\u0159\u00edstup ke&nbsp;spolupr\u00e1ci a informovanosti o zp\u016fsobu l\u00e9\u010den\u00ed v\u010delstev, z\u0159ejm\u011b &nbsp;neorganizovan\u00e9ho v\u010dela\u0159e v&nbsp;N. Stra\u0161ec\u00ed (viz. z\u00e1pis v\u00fd\u0161e) \u2013 <strong>zdravotn\u00edk<\/strong><\/li>\n<li>Do <strong>9.2018<\/strong> odeslat \u017e\u00e1dost o dotaci 1.D na svaz \u010cSV a sou\u010dasn\u011b aktualizovat \u00fadaje v&nbsp;CIS &#8211; <strong>jednatel<\/strong><\/li>\n<\/ul>\n<h3><strong>Stav pln\u011bn\u00ed na\u0159\u00edzen\u00fdch opat\u0159en\u00ed z&nbsp;veterin\u00e1rn\u00edch usnesen\u00ed pro katastry obc\u00ed Ruda, Nov\u00e9 Stra\u0161ec\u00ed a Rynholec, dal\u0161\u00ed postup v&nbsp;tlumen\u00ed MVP \u2013 zdravotn\u00edk, p\u0159edseda<\/strong><\/h3>\n<ul>\n<li>Za regiony NS a RY p\u0159i\u0161ly v\u00fdsledky rozbor\u016f vzork\u016f na MVP a v\u0161echny nyly negativn\u00ed. Opat\u0159en\u00ed z&nbsp;usnesen\u00ed SVS plat\u00ed d\u00e1l.<\/li>\n<li>Dne 10.9. obdr\u017e\u00ed OO \u010cSV l\u00e9\u010divo pro podzimn\u00ed l\u00e9\u010den\u00ed &#8211; Varidol. Po obdr\u017een\u00ed l\u00e9\u010diva v&nbsp;ZO zdravotn\u00edk zajist\u00ed rozd\u011blen\u00ed l\u00e9\u010diva pro d\u016fv\u011brn\u00edky, v\u010detn\u011b administrativn\u00edho zaji\u0161t\u011bn\u00ed a v\u00fdb\u011bru pen\u011bz za l\u00e9\u010den\u00ed. Sch\u016fze v\u00fdboru OO \u010cSV dne 26.9. stanov\u00ed prvn\u00ed term\u00edn fumigace v&nbsp;cel\u00e9m okresu Rakovn\u00edk.<\/li>\n<li>N\u00e1sledovat bude druh\u00e1 fumigace a o\u0161et\u0159en\u00ed aerosolem. Pro zv\u00fd\u0161en\u00ed \u00fa\u010dinnosti l\u00e9\u010den\u00ed je pot\u0159ebn\u00e9, aby jednotliv\u00e9 kroky l\u00e9\u010den\u00ed prob\u00edhaly u v\u0161ech v\u010dela\u0159\u016f synchronizovan\u011b, to znamen\u00e1 ve stejn\u00e9m term\u00ednu.<\/li>\n<li>Aerosol by bylo vhodn\u00e9 d\u011blat co nejpozd\u011bji, pokud to po\u010das\u00ed dovol\u00ed, cca v&nbsp;prvn\u00ed polovin\u011b prosince.<\/li>\n<li>V\u00fdbor p\u0159ipom\u00edn\u00e1 v\u0161em v\u010dela\u0159\u016fm, \u017ee podlo\u017eky by m\u011bly b\u00fdt v&nbsp;\u00falech do 30.9. a pou\u017e\u00edvat je k&nbsp;monitoringu spadu rozto\u010d\u016f po jednotliv\u00fdch kroc\u00edch l\u00e9\u010den\u00ed. Je velice vhodn\u00e9, aby v\u010dela\u0159i hl\u00e1sili po jednotliv\u00fdch kroc\u00edch l\u00e9\u010den\u00ed spad rozto\u010d\u016f zdravotn\u00edkovi, hlavn\u011b pokud spad rozto\u010d\u016f je velk\u00fd.<\/li>\n<li>V\u00fdbor se dohodl, \u017ee V\u010cS za rok 2018 (\u00fanor 2019) bude iniciov\u00e1na diskuze o tom, jak\u00e1 l\u00e9\u010diva se budou pou\u017e\u00edvat v&nbsp;roce 2019.<\/li>\n<li>V&nbsp;\u010dasopise V\u010dela\u0159stv\u00ed \u010d. 8 je \u010dl\u00e1nek, kter\u00fd vyhodnocuje akci Hrrr na mor.<\/li>\n<li>ZO dostala od organiz\u00e1tor\u016f akce Hrr na mor p\u0159\u00edsp\u011bvek ve v\u00fd\u0161i 1&nbsp;200,- K\u010d za z\u0159\u00edzen\u00ed sb\u011brn\u00e9ho m\u00edsta na tuto akci.<\/li>\n<li>Pokud bude z\u0159\u00edzeno druh\u00e9 kolo akce Hrr na mor, v\u00fdbor se dohodl, \u017ee \u00fa\u010dast na t\u00e9to akci bude pro v\u0161echny v\u010dela\u0159e povinn\u00e1.<\/li>\n<\/ul>\n<h3><strong>P\u0159\u00edprava pravideln\u00e9 v\u010dela\u0159sk\u00e9 v\u00fdstavy 8. a\u017e 9.9.2018 (Novostra\u0161eck\u00e9 posv\u00edcen\u00ed), t\u00e9ma v\u00fdstavy, tvorba a dovoz expon\u00e1t\u016f, instalace v\u00fdstavy \u2013 p\u0159edseda<\/strong><\/h3>\n<ul>\n<li>V\u00fdstava bude v&nbsp;r\u00e1mci Novostra\u0161eck\u00e9ho posv\u00edcen\u00ed ve dnech 8. a 9.9.2018 (sobota a ned\u011ble) ve velk\u00e9 zasedac\u00ed m\u00edstnosti M\u011b\u00da v&nbsp;Nov\u00e9m Stra\u0161ec\u00ed.<\/li>\n<li>V\u00fdbor projednal jednotliv\u00e9 etapy p\u0159\u00edpravy a provozu v\u00fdstavy. V\u00fdstava je p\u0159ipravena.<\/li>\n<\/ul>\n<h3><strong>Diskuze<\/strong><\/h3>\n<ul>\n<li>V\u00fdbor upozor\u0148uje v\u0161echny d\u016fv\u011brn\u00edky, \u017ee nejpozd\u011bj\u0161\u00ed term\u00edn na odevzd\u00e1n\u00ed Hl\u00e1\u0161en\u00ed o po\u010dtu v\u010delstev k&nbsp;1.9.2018, kter\u00e9 se centr\u00e1ln\u011b, za celou ZO, odes\u00edl\u00e1 na \u010cMSCH do 15.9.2018 (term\u00edn stanoven ka\u017ed\u00fd rok stejn\u00fd). D\u016fv\u011brn\u00edci hl\u00e1\u0161en\u00ed p\u0159edaj\u00ed jednateli nejpozd\u011bji do 14.9.<\/li>\n<li>V\u00fdbor upozor\u0148uje d\u016fv\u011brn\u00edky, \u017ee term\u00edn na odevzd\u00e1n\u00ed \u017e\u00e1dosti na dotaci 1.D je do 14.9.2018. Tiskopis \u017e\u00e1dosti je na str\u00e1nk\u00e1ch <a href=\"http:\/\/www.vcelarstvi.cz\">vcelarstvi.cz<\/a>, nebo v&nbsp;\u010dasopise V\u010dela\u0159stv\u00ed \u010d. 8 a 9. Term\u00edn je nutn\u00e9 dodr\u017eet !!!<\/li>\n<li>V\u00fdbor odsouhlasil n\u00e1hradu cestovn\u00e9ho pro p\u0159. Hubku na semin\u00e1\u0159 instruktor\u016f chov\u016f v\u010delstev v&nbsp;Nasavrk\u00e1ch dne 21.9.2018, za sazbu odsouhlasenou v\u00fdborem na d\u0159\u00edv\u011bj\u0161\u00edch jedn\u00e1n\u00ed.<\/li>\n<li>P\u0159. Hubka se dne 15.9.2018 za ZO z\u00fa\u010dastn\u00ed aktivu z\u00e1stupc\u016f ZO \u010cSV k&nbsp;aktu\u00e1ln\u00ed problematice v\u010dela\u0159en\u00ed ve St\u0159edo\u010desk\u00e9m kraji. Info na p\u0159\u00ed\u0161t\u00ed sch\u016fzi.<\/li>\n<li>P\u0159. \u0160t\u00fdbrov\u00e1 rezignovala na jedn\u00e1n\u00ed v\u00fdboru na vedouc\u00ed VKM 2. P\u0159edseda a jednatel budou hledat \u0159e\u0161en\u00ed tohoto stavu a informuj\u00ed p\u0159\u00ed\u0161t\u00ed jedn\u00e1n\u00ed v\u00fdboru.<\/li>\n<\/ul>\n<p><strong>P\u0159\u00ed\u0161t\u00ed sch\u016fze v\u00fdboru se bude konat dne 2.10.2018 od <\/strong><strong>18.00 <\/strong><strong>hodin v&nbsp;klubovn\u011b spolku v&nbsp;ulici Fortna \u010d. 117. <\/strong><\/p>\n<p><strong>Beseda v\u010dela\u0159\u016f po sch\u016fzi v\u00fdboru bude op\u011bt v&nbsp;restauraci \u201eU Bend\u016f\u201c.<\/strong><\/p>\n<p><strong>&nbsp;<\/strong><\/p>\n<p style=\"text-align: right;\">(dm, jh)<\/p>\n","protected":false},"excerpt":{"rendered":"<p>Z\u00e1pis&nbsp;ze&nbsp;sch\u016fze v\u00fdboru &nbsp;ZO \u010cSV v&nbsp;Nov\u00e9m Stra\u0161ec\u00ed M\u00edsto a datum kon\u00e1n\u00ed: 5. z\u00e1\u0159\u00ed 2018 v&nbsp;klubovn\u011b ZO v&nbsp;Nov\u00e9m Stra\u0161ec\u00ed. P\u0159\u00edtomni: &nbsp;J. Hubka, P. Andr\u00e1\u0161ek, P. Studni\u010dka, D. Muller, M. Hall\u00f3, R. \u0160t\u00fdbrov\u00e1. Omluveni: J. Petr\u00e1\u010dek. Host\u00e9: &nbsp;0 Program: Kontrola z\u00e1pisu z&nbsp;minul\u00e9 sch\u016fze v\u00fdboru \u2013 p\u0159edseda Kontrola pln\u011bn\u00ed \u00fakol\u016f z&nbsp;minul\u00e9 sch\u016fze v\u00fdboru &#8211; p\u0159edseda Stav pln\u011bn\u00ed na\u0159\u00edzen\u00fdch opat\u0159en\u00ed [&hellip;]<\/p>\n","protected":false},"author":1,"featured_media":0,"parent":1124,"menu_order":0,"comment_status":"closed","ping_status":"closed","template":"","meta":{"ngg_post_thumbnail":0,"footnotes":""},"_links":{"self":[{"href":"https:\/\/www.bububee.cz\/index.php\/wp-json\/wp\/v2\/pages\/1026"}],"collection":[{"href":"https:\/\/www.bububee.cz\/index.php\/wp-json\/wp\/v2\/pages"}],"about":[{"href":"https:\/\/www.bububee.cz\/index.php\/wp-json\/wp\/v2\/types\/page"}],"author":[{"embeddable":true,"href":"https:\/\/www.bububee.cz\/index.php\/wp-json\/wp\/v2\/users\/1"}],"replies":[{"embeddable":true,"href":"https:\/\/www.bububee.cz\/index.php\/wp-json\/wp\/v2\/comments?post=1026"}],"version-history":[{"count":1,"href":"https:\/\/www.bububee.cz\/index.php\/wp-json\/wp\/v2\/pages\/1026\/revisions"}],"predecessor-version":[{"id":1027,"href":"https:\/\/www.bububee.cz\/index.php\/wp-json\/wp\/v2\/pages\/1026\/revisions\/1027"}],"up":[{"embeddable":true,"href":"https:\/\/www.bububee.cz\/index.php\/wp-json\/wp\/v2\/pages\/1124"}],"wp:attachment":[{"href":"https:\/\/www.bububee.cz\/index.php\/wp-json\/wp\/v2\/media?parent=1026"}],"curies":[{"name":"wp","href":"https:\/\/api.w.org\/{rel}","templated":true}]}}